{"id":14917,"date":"2026-09-01T13:47:57","date_gmt":"2026-09-01T11:47:57","guid":{"rendered":"https:\/\/embreis.com\/se\/?post_type=product&#038;p=14917"},"modified":"2026-09-01T15:58:06","modified_gmt":"2026-09-01T13:58:06","slug":"adm-afo-storleksmallar","status":"publish","type":"product","link":"https:\/\/embreis.com\/se\/produkt\/adm-afo-storleksmallar\/","title":{"rendered":"ADM AFO storleksmallar"},"content":{"rendered":"<p><strong>C-Pro ADM Sizing Liners \u00e4r ett praktiskt hj\u00e4lpmedel f\u00f6r att snabbt och noggrant best\u00e4mma r\u00e4tt storlek p\u00e5 C-Pro ADM AFO.<\/strong><\/p>\n<p>Efter korrigering av PEVA kan barnets fot vara liten och sv\u00e5r att storleksbest\u00e4mma enbart genom m\u00e4tning. Sizing Liners \u00e4r utformade med samma form som ADM AFO liners och g\u00f6r det m\u00f6jligt att prova olika storlekar direkt p\u00e5 barnets fot innan r\u00e4tt AFO best\u00e4lls.<\/p>\n<p>Varje storlekssats inneh\u00e5ller v\u00e4nster- och h\u00f6gerliners som \u00e4r m\u00e4rkta med respektive storlek och sammanh\u00e5llna i ett set. En \u00f6ppning vid h\u00e4len g\u00f6r det m\u00f6jligt att kontrollera h\u00e4lens position i linern.<\/p>\n<p>Sizing Liners finns i tv\u00e5 storleksset: Small (0000\u20135) och Large (6\u201312).<\/p>\n","protected":false},"excerpt":{"rendered":"<p>C-Pro ADM Sizing Liners \u00e4r ett praktiskt hj\u00e4lpmedel f\u00f6r att snabbt och noggrant best\u00e4mma r\u00e4tt storlek p\u00e5 C-Pro ADM AFO. [&hellip;]<\/p>\n","protected":false},"featured_media":14932,"template":"","meta":[],"product_brand":[],"product_cat":[1363,217,220],"product_tag":[],"class_list":{"0":"post-14917","1":"product","2":"type-product","3":"status-publish","4":"has-post-thumbnail","6":"product_cat-peva-klumpfot","7":"product_cat-ortos","8":"product_cat-fot","9":"pa_varumarke-c-pro","11":"first","12":"outofstock","13":"shipping-taxable","14":"product-type-variable"},"acf":[],"yoast_head":"<!-- This site is optimized with the Yoast SEO Premium plugin v27.3 (Yoast SEO v27.3) - https:\/\/yoast.com\/product\/yoast-seo-premium-wordpress\/ -->\n<title>ADM AFO storleksmallar - Embreis.com<\/title>\n<meta name=\"robots\" content=\"index, follow, max-snippet:-1, max-image-preview:large, max-video-preview:-1\" \/>\n<link rel=\"canonical\" href=\"https:\/\/embreis.com\/se\/produkt\/adm-afo-storleksmallar\/\" \/>\n<meta property=\"og:locale\" content=\"sv_SE\" \/>\n<meta property=\"og:type\" content=\"article\" \/>\n<meta property=\"og:title\" content=\"ADM AFO storleksmallar\" \/>\n<meta property=\"og:description\" content=\"C-Pro ADM Sizing Liners \u00e4r ett praktiskt hj\u00e4lpmedel f\u00f6r att snabbt och noggrant best\u00e4mma r\u00e4tt storlek p\u00e5 C-Pro ADM AFO. [&hellip;]\" \/>\n<meta property=\"og:url\" content=\"https:\/\/embreis.com\/se\/produkt\/adm-afo-storleksmallar\/\" \/>\n<meta property=\"og:site_name\" content=\"Embreis SE\" \/>\n<meta property=\"article:publisher\" content=\"https:\/\/www.facebook.com\/embreis\/\" \/>\n<meta property=\"article:modified_time\" content=\"2026-09-01T13:58:06+00:00\" \/>\n<meta property=\"og:image\" content=\"https:\/\/embreis.com\/se\/wp-content\/uploads\/sites\/6\/2026\/09\/Storleksmall_1.png\" \/>\n\t<meta property=\"og:image:width\" content=\"800\" \/>\n\t<meta property=\"og:image:height\" content=\"800\" \/>\n\t<meta property=\"og:image:type\" content=\"image\/png\" \/>\n<meta name=\"twitter:card\" content=\"summary_large_image\" \/>\n<meta name=\"twitter:label1\" content=\"Ber\u00e4knad l\u00e4stid\" \/>\n\t<meta name=\"twitter:data1\" content=\"1 minut\" \/>\n<script type=\"application\/ld+json\" class=\"yoast-schema-graph\">{\"@context\":\"https:\\\/\\\/schema.org\",\"@graph\":[{\"@type\":\"WebPage\",\"@id\":\"https:\\\/\\\/embreis.com\\\/se\\\/produkt\\\/adm-afo-storleksmallar\\\/\",\"url\":\"https:\\\/\\\/embreis.com\\\/se\\\/produkt\\\/adm-afo-storleksmallar\\\/\",\"name\":\"ADM AFO storleksmallar - Embreis.com\",\"isPartOf\":{\"@id\":\"https:\\\/\\\/embreis.com\\\/se\\\/#website\"},\"primaryImageOfPage\":{\"@id\":\"https:\\\/\\\/embreis.com\\\/se\\\/produkt\\\/adm-afo-storleksmallar\\\/#primaryimage\"},\"image\":{\"@id\":\"https:\\\/\\\/embreis.com\\\/se\\\/produkt\\\/adm-afo-storleksmallar\\\/#primaryimage\"},\"thumbnailUrl\":\"https:\\\/\\\/embreis.com\\\/se\\\/wp-content\\\/uploads\\\/sites\\\/6\\\/2026\\\/09\\\/Storleksmall_1.png\",\"datePublished\":\"2026-09-01T11:47:57+00:00\",\"dateModified\":\"2026-09-01T13:58:06+00:00\",\"breadcrumb\":{\"@id\":\"https:\\\/\\\/embreis.com\\\/se\\\/produkt\\\/adm-afo-storleksmallar\\\/#breadcrumb\"},\"inLanguage\":\"sv-SE\",\"potentialAction\":[{\"@type\":\"ReadAction\",\"target\":[\"https:\\\/\\\/embreis.com\\\/se\\\/produkt\\\/adm-afo-storleksmallar\\\/\"]}]},{\"@type\":\"ImageObject\",\"inLanguage\":\"sv-SE\",\"@id\":\"https:\\\/\\\/embreis.com\\\/se\\\/produkt\\\/adm-afo-storleksmallar\\\/#primaryimage\",\"url\":\"https:\\\/\\\/embreis.com\\\/se\\\/wp-content\\\/uploads\\\/sites\\\/6\\\/2026\\\/09\\\/Storleksmall_1.png\",\"contentUrl\":\"https:\\\/\\\/embreis.com\\\/se\\\/wp-content\\\/uploads\\\/sites\\\/6\\\/2026\\\/09\\\/Storleksmall_1.png\",\"width\":800,\"height\":800},{\"@type\":\"BreadcrumbList\",\"@id\":\"https:\\\/\\\/embreis.com\\\/se\\\/produkt\\\/adm-afo-storleksmallar\\\/#breadcrumb\",\"itemListElement\":[{\"@type\":\"ListItem\",\"position\":1,\"name\":\"Hem\",\"item\":\"https:\\\/\\\/embreis.com\\\/se\\\/\"},{\"@type\":\"ListItem\",\"position\":2,\"name\":\"Sortiment\",\"item\":\"https:\\\/\\\/embreis.com\\\/se\\\/sortiment\\\/\"},{\"@type\":\"ListItem\",\"position\":3,\"name\":\"Ortos\",\"item\":\"https:\\\/\\\/embreis.com\\\/se\\\/produktkategori\\\/ortos\\\/\"},{\"@type\":\"ListItem\",\"position\":4,\"name\":\"Fot\",\"item\":\"https:\\\/\\\/embreis.com\\\/se\\\/produktkategori\\\/ortos\\\/fot\\\/\"},{\"@type\":\"ListItem\",\"position\":5,\"name\":\"PEVA - Klumpfot\",\"item\":\"https:\\\/\\\/embreis.com\\\/se\\\/produktkategori\\\/ortos\\\/fot\\\/peva-klumpfot\\\/\"},{\"@type\":\"ListItem\",\"position\":6,\"name\":\"ADM AFO storleksmallar\"}]},{\"@type\":\"WebSite\",\"@id\":\"https:\\\/\\\/embreis.com\\\/se\\\/#website\",\"url\":\"https:\\\/\\\/embreis.com\\\/se\\\/\",\"name\":\"Embreis SE\",\"description\":\"Ortoser, proteser och material\",\"publisher\":{\"@id\":\"https:\\\/\\\/embreis.com\\\/se\\\/#organization\"},\"potentialAction\":[{\"@type\":\"SearchAction\",\"target\":{\"@type\":\"EntryPoint\",\"urlTemplate\":\"https:\\\/\\\/embreis.com\\\/se\\\/?s={search_term_string}\"},\"query-input\":{\"@type\":\"PropertyValueSpecification\",\"valueRequired\":true,\"valueName\":\"search_term_string\"}}],\"inLanguage\":\"sv-SE\"},{\"@type\":\"Organization\",\"@id\":\"https:\\\/\\\/embreis.com\\\/se\\\/#organization\",\"name\":\"Embreis AB\",\"url\":\"https:\\\/\\\/embreis.com\\\/se\\\/\",\"logo\":{\"@type\":\"ImageObject\",\"inLanguage\":\"sv-SE\",\"@id\":\"https:\\\/\\\/embreis.com\\\/se\\\/#\\\/schema\\\/logo\\\/image\\\/\",\"url\":\"https:\\\/\\\/embreis.com\\\/se\\\/wp-content\\\/uploads\\\/sites\\\/6\\\/2019\\\/08\\\/Embreis_Logo2_PMS.png\",\"contentUrl\":\"https:\\\/\\\/embreis.com\\\/se\\\/wp-content\\\/uploads\\\/sites\\\/6\\\/2019\\\/08\\\/Embreis_Logo2_PMS.png\",\"width\":1723,\"height\":926,\"caption\":\"Embreis AB\"},\"image\":{\"@id\":\"https:\\\/\\\/embreis.com\\\/se\\\/#\\\/schema\\\/logo\\\/image\\\/\"},\"sameAs\":[\"https:\\\/\\\/www.facebook.com\\\/embreis\\\/\",\"https:\\\/\\\/www.linkedin.com\\\/company\\\/embreis-ab\\\/\",\"https:\\\/\\\/www.youtube.com\\\/user\\\/embreisAB\"]}]}<\/script>\n<!-- \/ Yoast SEO Premium plugin. -->","yoast_head_json":{"title":"ADM AFO storleksmallar - Embreis.com","robots":{"index":"index","follow":"follow","max-snippet":"max-snippet:-1","max-image-preview":"max-image-preview:large","max-video-preview":"max-video-preview:-1"},"canonical":"https:\/\/embreis.com\/se\/produkt\/adm-afo-storleksmallar\/","og_locale":"sv_SE","og_type":"article","og_title":"ADM AFO storleksmallar","og_description":"C-Pro ADM Sizing Liners \u00e4r ett praktiskt hj\u00e4lpmedel f\u00f6r att snabbt och noggrant best\u00e4mma r\u00e4tt storlek p\u00e5 C-Pro ADM AFO. [&hellip;]","og_url":"https:\/\/embreis.com\/se\/produkt\/adm-afo-storleksmallar\/","og_site_name":"Embreis SE","article_publisher":"https:\/\/www.facebook.com\/embreis\/","article_modified_time":"2026-09-01T13:58:06+00:00","og_image":[{"width":800,"height":800,"url":"https:\/\/embreis.com\/se\/wp-content\/uploads\/sites\/6\/2026\/09\/Storleksmall_1.png","type":"image\/png"}],"twitter_card":"summary_large_image","twitter_misc":{"Ber\u00e4knad l\u00e4stid":"1 minut"},"schema":{"@context":"https:\/\/schema.org","@graph":[{"@type":"WebPage","@id":"https:\/\/embreis.com\/se\/produkt\/adm-afo-storleksmallar\/","url":"https:\/\/embreis.com\/se\/produkt\/adm-afo-storleksmallar\/","name":"ADM AFO storleksmallar - Embreis.com","isPartOf":{"@id":"https:\/\/embreis.com\/se\/#website"},"primaryImageOfPage":{"@id":"https:\/\/embreis.com\/se\/produkt\/adm-afo-storleksmallar\/#primaryimage"},"image":{"@id":"https:\/\/embreis.com\/se\/produkt\/adm-afo-storleksmallar\/#primaryimage"},"thumbnailUrl":"https:\/\/embreis.com\/se\/wp-content\/uploads\/sites\/6\/2026\/09\/Storleksmall_1.png","datePublished":"2026-09-01T11:47:57+00:00","dateModified":"2026-09-01T13:58:06+00:00","breadcrumb":{"@id":"https:\/\/embreis.com\/se\/produkt\/adm-afo-storleksmallar\/#breadcrumb"},"inLanguage":"sv-SE","potentialAction":[{"@type":"ReadAction","target":["https:\/\/embreis.com\/se\/produkt\/adm-afo-storleksmallar\/"]}]},{"@type":"ImageObject","inLanguage":"sv-SE","@id":"https:\/\/embreis.com\/se\/produkt\/adm-afo-storleksmallar\/#primaryimage","url":"https:\/\/embreis.com\/se\/wp-content\/uploads\/sites\/6\/2026\/09\/Storleksmall_1.png","contentUrl":"https:\/\/embreis.com\/se\/wp-content\/uploads\/sites\/6\/2026\/09\/Storleksmall_1.png","width":800,"height":800},{"@type":"BreadcrumbList","@id":"https:\/\/embreis.com\/se\/produkt\/adm-afo-storleksmallar\/#breadcrumb","itemListElement":[{"@type":"ListItem","position":1,"name":"Hem","item":"https:\/\/embreis.com\/se\/"},{"@type":"ListItem","position":2,"name":"Sortiment","item":"https:\/\/embreis.com\/se\/sortiment\/"},{"@type":"ListItem","position":3,"name":"Ortos","item":"https:\/\/embreis.com\/se\/produktkategori\/ortos\/"},{"@type":"ListItem","position":4,"name":"Fot","item":"https:\/\/embreis.com\/se\/produktkategori\/ortos\/fot\/"},{"@type":"ListItem","position":5,"name":"PEVA - Klumpfot","item":"https:\/\/embreis.com\/se\/produktkategori\/ortos\/fot\/peva-klumpfot\/"},{"@type":"ListItem","position":6,"name":"ADM AFO storleksmallar"}]},{"@type":"WebSite","@id":"https:\/\/embreis.com\/se\/#website","url":"https:\/\/embreis.com\/se\/","name":"Embreis SE","description":"Ortoser, proteser och material","publisher":{"@id":"https:\/\/embreis.com\/se\/#organization"},"potentialAction":[{"@type":"SearchAction","target":{"@type":"EntryPoint","urlTemplate":"https:\/\/embreis.com\/se\/?s={search_term_string}"},"query-input":{"@type":"PropertyValueSpecification","valueRequired":true,"valueName":"search_term_string"}}],"inLanguage":"sv-SE"},{"@type":"Organization","@id":"https:\/\/embreis.com\/se\/#organization","name":"Embreis AB","url":"https:\/\/embreis.com\/se\/","logo":{"@type":"ImageObject","inLanguage":"sv-SE","@id":"https:\/\/embreis.com\/se\/#\/schema\/logo\/image\/","url":"https:\/\/embreis.com\/se\/wp-content\/uploads\/sites\/6\/2019\/08\/Embreis_Logo2_PMS.png","contentUrl":"https:\/\/embreis.com\/se\/wp-content\/uploads\/sites\/6\/2019\/08\/Embreis_Logo2_PMS.png","width":1723,"height":926,"caption":"Embreis AB"},"image":{"@id":"https:\/\/embreis.com\/se\/#\/schema\/logo\/image\/"},"sameAs":["https:\/\/www.facebook.com\/embreis\/","https:\/\/www.linkedin.com\/company\/embreis-ab\/","https:\/\/www.youtube.com\/user\/embreisAB"]}]}},"_links":{"self":[{"href":"https:\/\/embreis.com\/se\/wp-json\/wp\/v2\/product\/14917","targetHints":{"allow":["GET"]}}],"collection":[{"href":"https:\/\/embreis.com\/se\/wp-json\/wp\/v2\/product"}],"about":[{"href":"https:\/\/embreis.com\/se\/wp-json\/wp\/v2\/types\/product"}],"wp:featuredmedia":[{"embeddable":true,"href":"https:\/\/embreis.com\/se\/wp-json\/wp\/v2\/media\/14932"}],"wp:attachment":[{"href":"https:\/\/embreis.com\/se\/wp-json\/wp\/v2\/media?parent=14917"}],"wp:term":[{"taxonomy":"product_brand","embeddable":true,"href":"https:\/\/embreis.com\/se\/wp-json\/wp\/v2\/product_brand?post=14917"},{"taxonomy":"product_cat","embeddable":true,"href":"https:\/\/embreis.com\/se\/wp-json\/wp\/v2\/product_cat?post=14917"},{"taxonomy":"product_tag","embeddable":true,"href":"https:\/\/embreis.com\/se\/wp-json\/wp\/v2\/product_tag?post=14917"}],"curies":[{"name":"wp","href":"https:\/\/api.w.org\/{rel}","templated":true}]}}