{"id":14796,"date":"2026-08-27T16:20:42","date_gmt":"2026-08-27T14:20:42","guid":{"rendered":"https:\/\/embreis.com\/se\/?post_type=product&#038;p=14796"},"modified":"2026-09-01T16:03:43","modified_gmt":"2026-09-01T14:03:43","slug":"dorsiramp","status":"publish","type":"product","link":"https:\/\/embreis.com\/se\/produkt\/dorsiramp\/","title":{"rendered":"DorsiRamp"},"content":{"rendered":"<p><strong>DorsiRamp \u00e4r en stabil dorsalflexionsramp som underl\u00e4ttar stretchning av akillessenan och vadmuskulaturen hos barn upp till cirka 10 \u00e5rs \u00e5lder.<\/strong><\/p>\n<p>Regelbunden stretching kan vara en viktig del av behandlingen vid begr\u00e4nsad dorsalflexion, men det \u00e4r inte alltid l\u00e4tt att f\u00e5 barnet att aktivt delta i fysioterapi varje dag. Med DorsiRamp kan stretchtr\u00e4ningen i st\u00e4llet enkelt integreras i vardagliga aktiviteter, exempelvis n\u00e4r barnet borstar t\u00e4nderna, spelar spel eller hj\u00e4lper till med matlagningen.<\/p>\n<p>Rampens utformning ser till att barnet placerar f\u00f6tterna korrekt. Rampens lutningsvinkel kan d\u00e4refter st\u00e4llas in i 10\u00b0, 15\u00b0 och 20\u00b0. Genom att v\u00e4nda rampen \u00e4ndras vinkeln mellan 10\u00b0 och 20\u00b0, medan den medf\u00f6ljande insatsen ger en lutning p\u00e5 15\u00b0. Den sammansatta lutningen bidrar dessutom till att bibeh\u00e5lla en konsekvent dorsalflexion \u00e4ven om fotens position f\u00f6r\u00e4ndras.<\/p>\n<p>DorsiRamp \u00e4r utvecklad f\u00f6r s\u00e4ker och stabil anv\u00e4ndning och passar bland annat barn med idiopatisk t\u00e5g\u00e5ng, cerebral pares och PEVA.<\/p>\n","protected":false},"excerpt":{"rendered":"<p>DorsiRamp \u00e4r en stabil dorsalflexionsramp som underl\u00e4ttar stretchning av akillessenan och vadmuskulaturen hos barn upp till cirka 10 \u00e5rs \u00e5lder. [&hellip;]<\/p>\n","protected":false},"featured_media":14816,"template":"","meta":[],"product_brand":[],"product_cat":[1363,217,220],"product_tag":[],"class_list":{"0":"post-14796","1":"product","2":"type-product","3":"status-publish","4":"has-post-thumbnail","6":"product_cat-peva-klumpfot","7":"product_cat-ortos","8":"product_cat-fot","9":"pa_varumarke-c-pro","11":"first","12":"outofstock","13":"shipping-taxable","14":"product-type-variable"},"acf":[],"yoast_head":"<!-- This site is optimized with the Yoast SEO Premium plugin v27.3 (Yoast SEO v27.3) - https:\/\/yoast.com\/product\/yoast-seo-premium-wordpress\/ -->\n<title>DorsiRamp - Embreis.com<\/title>\n<meta name=\"robots\" content=\"index, follow, max-snippet:-1, max-image-preview:large, max-video-preview:-1\" \/>\n<link rel=\"canonical\" href=\"https:\/\/embreis.com\/se\/produkt\/dorsiramp\/\" \/>\n<meta property=\"og:locale\" content=\"sv_SE\" \/>\n<meta property=\"og:type\" content=\"article\" \/>\n<meta property=\"og:title\" content=\"DorsiRamp\" \/>\n<meta property=\"og:description\" content=\"DorsiRamp \u00e4r en stabil dorsalflexionsramp som underl\u00e4ttar stretchning av akillessenan och vadmuskulaturen hos barn upp till cirka 10 \u00e5rs \u00e5lder. [&hellip;]\" \/>\n<meta property=\"og:url\" content=\"https:\/\/embreis.com\/se\/produkt\/dorsiramp\/\" \/>\n<meta property=\"og:site_name\" content=\"Embreis SE\" \/>\n<meta property=\"article:publisher\" content=\"https:\/\/www.facebook.com\/embreis\/\" \/>\n<meta property=\"article:modified_time\" content=\"2026-09-01T14:03:43+00:00\" \/>\n<meta property=\"og:image\" content=\"https:\/\/embreis.com\/se\/wp-content\/uploads\/sites\/6\/2026\/08\/C-Pro_DorsiRamp_1.png\" \/>\n\t<meta property=\"og:image:width\" content=\"800\" \/>\n\t<meta property=\"og:image:height\" content=\"800\" \/>\n\t<meta property=\"og:image:type\" content=\"image\/png\" \/>\n<meta name=\"twitter:card\" content=\"summary_large_image\" \/>\n<meta name=\"twitter:label1\" content=\"Ber\u00e4knad l\u00e4stid\" \/>\n\t<meta name=\"twitter:data1\" content=\"1 minut\" \/>\n<script type=\"application\/ld+json\" class=\"yoast-schema-graph\">{\"@context\":\"https:\\\/\\\/schema.org\",\"@graph\":[{\"@type\":\"WebPage\",\"@id\":\"https:\\\/\\\/embreis.com\\\/se\\\/produkt\\\/dorsiramp\\\/\",\"url\":\"https:\\\/\\\/embreis.com\\\/se\\\/produkt\\\/dorsiramp\\\/\",\"name\":\"DorsiRamp - Embreis.com\",\"isPartOf\":{\"@id\":\"https:\\\/\\\/embreis.com\\\/se\\\/#website\"},\"primaryImageOfPage\":{\"@id\":\"https:\\\/\\\/embreis.com\\\/se\\\/produkt\\\/dorsiramp\\\/#primaryimage\"},\"image\":{\"@id\":\"https:\\\/\\\/embreis.com\\\/se\\\/produkt\\\/dorsiramp\\\/#primaryimage\"},\"thumbnailUrl\":\"https:\\\/\\\/embreis.com\\\/se\\\/wp-content\\\/uploads\\\/sites\\\/6\\\/2026\\\/08\\\/C-Pro_DorsiRamp_1.png\",\"datePublished\":\"2026-08-27T14:20:42+00:00\",\"dateModified\":\"2026-09-01T14:03:43+00:00\",\"breadcrumb\":{\"@id\":\"https:\\\/\\\/embreis.com\\\/se\\\/produkt\\\/dorsiramp\\\/#breadcrumb\"},\"inLanguage\":\"sv-SE\",\"potentialAction\":[{\"@type\":\"ReadAction\",\"target\":[\"https:\\\/\\\/embreis.com\\\/se\\\/produkt\\\/dorsiramp\\\/\"]}]},{\"@type\":\"ImageObject\",\"inLanguage\":\"sv-SE\",\"@id\":\"https:\\\/\\\/embreis.com\\\/se\\\/produkt\\\/dorsiramp\\\/#primaryimage\",\"url\":\"https:\\\/\\\/embreis.com\\\/se\\\/wp-content\\\/uploads\\\/sites\\\/6\\\/2026\\\/08\\\/C-Pro_DorsiRamp_1.png\",\"contentUrl\":\"https:\\\/\\\/embreis.com\\\/se\\\/wp-content\\\/uploads\\\/sites\\\/6\\\/2026\\\/08\\\/C-Pro_DorsiRamp_1.png\",\"width\":800,\"height\":800},{\"@type\":\"BreadcrumbList\",\"@id\":\"https:\\\/\\\/embreis.com\\\/se\\\/produkt\\\/dorsiramp\\\/#breadcrumb\",\"itemListElement\":[{\"@type\":\"ListItem\",\"position\":1,\"name\":\"Hem\",\"item\":\"https:\\\/\\\/embreis.com\\\/se\\\/\"},{\"@type\":\"ListItem\",\"position\":2,\"name\":\"Sortiment\",\"item\":\"https:\\\/\\\/embreis.com\\\/se\\\/sortiment\\\/\"},{\"@type\":\"ListItem\",\"position\":3,\"name\":\"Ortos\",\"item\":\"https:\\\/\\\/embreis.com\\\/se\\\/produktkategori\\\/ortos\\\/\"},{\"@type\":\"ListItem\",\"position\":4,\"name\":\"Fot\",\"item\":\"https:\\\/\\\/embreis.com\\\/se\\\/produktkategori\\\/ortos\\\/fot\\\/\"},{\"@type\":\"ListItem\",\"position\":5,\"name\":\"PEVA - Klumpfot\",\"item\":\"https:\\\/\\\/embreis.com\\\/se\\\/produktkategori\\\/ortos\\\/fot\\\/peva-klumpfot\\\/\"},{\"@type\":\"ListItem\",\"position\":6,\"name\":\"DorsiRamp\"}]},{\"@type\":\"WebSite\",\"@id\":\"https:\\\/\\\/embreis.com\\\/se\\\/#website\",\"url\":\"https:\\\/\\\/embreis.com\\\/se\\\/\",\"name\":\"Embreis SE\",\"description\":\"Ortoser, proteser och material\",\"publisher\":{\"@id\":\"https:\\\/\\\/embreis.com\\\/se\\\/#organization\"},\"potentialAction\":[{\"@type\":\"SearchAction\",\"target\":{\"@type\":\"EntryPoint\",\"urlTemplate\":\"https:\\\/\\\/embreis.com\\\/se\\\/?s={search_term_string}\"},\"query-input\":{\"@type\":\"PropertyValueSpecification\",\"valueRequired\":true,\"valueName\":\"search_term_string\"}}],\"inLanguage\":\"sv-SE\"},{\"@type\":\"Organization\",\"@id\":\"https:\\\/\\\/embreis.com\\\/se\\\/#organization\",\"name\":\"Embreis AB\",\"url\":\"https:\\\/\\\/embreis.com\\\/se\\\/\",\"logo\":{\"@type\":\"ImageObject\",\"inLanguage\":\"sv-SE\",\"@id\":\"https:\\\/\\\/embreis.com\\\/se\\\/#\\\/schema\\\/logo\\\/image\\\/\",\"url\":\"https:\\\/\\\/embreis.com\\\/se\\\/wp-content\\\/uploads\\\/sites\\\/6\\\/2019\\\/08\\\/Embreis_Logo2_PMS.png\",\"contentUrl\":\"https:\\\/\\\/embreis.com\\\/se\\\/wp-content\\\/uploads\\\/sites\\\/6\\\/2019\\\/08\\\/Embreis_Logo2_PMS.png\",\"width\":1723,\"height\":926,\"caption\":\"Embreis AB\"},\"image\":{\"@id\":\"https:\\\/\\\/embreis.com\\\/se\\\/#\\\/schema\\\/logo\\\/image\\\/\"},\"sameAs\":[\"https:\\\/\\\/www.facebook.com\\\/embreis\\\/\",\"https:\\\/\\\/www.linkedin.com\\\/company\\\/embreis-ab\\\/\",\"https:\\\/\\\/www.youtube.com\\\/user\\\/embreisAB\"]}]}<\/script>\n<!-- \/ Yoast SEO Premium plugin. -->","yoast_head_json":{"title":"DorsiRamp - Embreis.com","robots":{"index":"index","follow":"follow","max-snippet":"max-snippet:-1","max-image-preview":"max-image-preview:large","max-video-preview":"max-video-preview:-1"},"canonical":"https:\/\/embreis.com\/se\/produkt\/dorsiramp\/","og_locale":"sv_SE","og_type":"article","og_title":"DorsiRamp","og_description":"DorsiRamp \u00e4r en stabil dorsalflexionsramp som underl\u00e4ttar stretchning av akillessenan och vadmuskulaturen hos barn upp till cirka 10 \u00e5rs \u00e5lder. [&hellip;]","og_url":"https:\/\/embreis.com\/se\/produkt\/dorsiramp\/","og_site_name":"Embreis SE","article_publisher":"https:\/\/www.facebook.com\/embreis\/","article_modified_time":"2026-09-01T14:03:43+00:00","og_image":[{"width":800,"height":800,"url":"https:\/\/embreis.com\/se\/wp-content\/uploads\/sites\/6\/2026\/08\/C-Pro_DorsiRamp_1.png","type":"image\/png"}],"twitter_card":"summary_large_image","twitter_misc":{"Ber\u00e4knad l\u00e4stid":"1 minut"},"schema":{"@context":"https:\/\/schema.org","@graph":[{"@type":"WebPage","@id":"https:\/\/embreis.com\/se\/produkt\/dorsiramp\/","url":"https:\/\/embreis.com\/se\/produkt\/dorsiramp\/","name":"DorsiRamp - Embreis.com","isPartOf":{"@id":"https:\/\/embreis.com\/se\/#website"},"primaryImageOfPage":{"@id":"https:\/\/embreis.com\/se\/produkt\/dorsiramp\/#primaryimage"},"image":{"@id":"https:\/\/embreis.com\/se\/produkt\/dorsiramp\/#primaryimage"},"thumbnailUrl":"https:\/\/embreis.com\/se\/wp-content\/uploads\/sites\/6\/2026\/08\/C-Pro_DorsiRamp_1.png","datePublished":"2026-08-27T14:20:42+00:00","dateModified":"2026-09-01T14:03:43+00:00","breadcrumb":{"@id":"https:\/\/embreis.com\/se\/produkt\/dorsiramp\/#breadcrumb"},"inLanguage":"sv-SE","potentialAction":[{"@type":"ReadAction","target":["https:\/\/embreis.com\/se\/produkt\/dorsiramp\/"]}]},{"@type":"ImageObject","inLanguage":"sv-SE","@id":"https:\/\/embreis.com\/se\/produkt\/dorsiramp\/#primaryimage","url":"https:\/\/embreis.com\/se\/wp-content\/uploads\/sites\/6\/2026\/08\/C-Pro_DorsiRamp_1.png","contentUrl":"https:\/\/embreis.com\/se\/wp-content\/uploads\/sites\/6\/2026\/08\/C-Pro_DorsiRamp_1.png","width":800,"height":800},{"@type":"BreadcrumbList","@id":"https:\/\/embreis.com\/se\/produkt\/dorsiramp\/#breadcrumb","itemListElement":[{"@type":"ListItem","position":1,"name":"Hem","item":"https:\/\/embreis.com\/se\/"},{"@type":"ListItem","position":2,"name":"Sortiment","item":"https:\/\/embreis.com\/se\/sortiment\/"},{"@type":"ListItem","position":3,"name":"Ortos","item":"https:\/\/embreis.com\/se\/produktkategori\/ortos\/"},{"@type":"ListItem","position":4,"name":"Fot","item":"https:\/\/embreis.com\/se\/produktkategori\/ortos\/fot\/"},{"@type":"ListItem","position":5,"name":"PEVA - Klumpfot","item":"https:\/\/embreis.com\/se\/produktkategori\/ortos\/fot\/peva-klumpfot\/"},{"@type":"ListItem","position":6,"name":"DorsiRamp"}]},{"@type":"WebSite","@id":"https:\/\/embreis.com\/se\/#website","url":"https:\/\/embreis.com\/se\/","name":"Embreis SE","description":"Ortoser, proteser och material","publisher":{"@id":"https:\/\/embreis.com\/se\/#organization"},"potentialAction":[{"@type":"SearchAction","target":{"@type":"EntryPoint","urlTemplate":"https:\/\/embreis.com\/se\/?s={search_term_string}"},"query-input":{"@type":"PropertyValueSpecification","valueRequired":true,"valueName":"search_term_string"}}],"inLanguage":"sv-SE"},{"@type":"Organization","@id":"https:\/\/embreis.com\/se\/#organization","name":"Embreis AB","url":"https:\/\/embreis.com\/se\/","logo":{"@type":"ImageObject","inLanguage":"sv-SE","@id":"https:\/\/embreis.com\/se\/#\/schema\/logo\/image\/","url":"https:\/\/embreis.com\/se\/wp-content\/uploads\/sites\/6\/2019\/08\/Embreis_Logo2_PMS.png","contentUrl":"https:\/\/embreis.com\/se\/wp-content\/uploads\/sites\/6\/2019\/08\/Embreis_Logo2_PMS.png","width":1723,"height":926,"caption":"Embreis AB"},"image":{"@id":"https:\/\/embreis.com\/se\/#\/schema\/logo\/image\/"},"sameAs":["https:\/\/www.facebook.com\/embreis\/","https:\/\/www.linkedin.com\/company\/embreis-ab\/","https:\/\/www.youtube.com\/user\/embreisAB"]}]}},"_links":{"self":[{"href":"https:\/\/embreis.com\/se\/wp-json\/wp\/v2\/product\/14796","targetHints":{"allow":["GET"]}}],"collection":[{"href":"https:\/\/embreis.com\/se\/wp-json\/wp\/v2\/product"}],"about":[{"href":"https:\/\/embreis.com\/se\/wp-json\/wp\/v2\/types\/product"}],"wp:featuredmedia":[{"embeddable":true,"href":"https:\/\/embreis.com\/se\/wp-json\/wp\/v2\/media\/14816"}],"wp:attachment":[{"href":"https:\/\/embreis.com\/se\/wp-json\/wp\/v2\/media?parent=14796"}],"wp:term":[{"taxonomy":"product_brand","embeddable":true,"href":"https:\/\/embreis.com\/se\/wp-json\/wp\/v2\/product_brand?post=14796"},{"taxonomy":"product_cat","embeddable":true,"href":"https:\/\/embreis.com\/se\/wp-json\/wp\/v2\/product_cat?post=14796"},{"taxonomy":"product_tag","embeddable":true,"href":"https:\/\/embreis.com\/se\/wp-json\/wp\/v2\/product_tag?post=14796"}],"curies":[{"name":"wp","href":"https:\/\/api.w.org\/{rel}","templated":true}]}}