{"id":14734,"date":"2026-08-26T16:54:36","date_gmt":"2026-08-26T14:54:36","guid":{"rendered":"https:\/\/embreis.com\/se\/?post_type=product&#038;p=14734"},"modified":"2026-09-01T16:05:30","modified_gmt":"2026-09-01T14:05:30","slug":"c-pro-adm-afo-sandal","status":"publish","type":"product","link":"https:\/\/embreis.com\/se\/produkt\/c-pro-adm-afo-sandal\/","title":{"rendered":"C-Pro ADM AFO-sandal"},"content":{"rendered":"<p><strong>ADM AFO (ankel-fot-ortos) \u00e4r en sandal som bibeh\u00e5ller korrigeringen av PEVA under natten och minska risken f\u00f6r \u00e5terfall. Sandalen anv\u00e4nds i kombination med en ADM-skena.<\/strong><\/p>\n<p>ADM AFO-sandalen \u00e4r utformad med fokus p\u00e5 b\u00e5de funktion och komfort, tv\u00e5 viktiga faktorer f\u00f6r ett lyckat behandlingsresultat. Ortosen \u00e4r anatomiskt utformad f\u00f6r h\u00f6ger respektive v\u00e4nster fot och har en mycket l\u00e5g vikt som bidrar till en bekv\u00e4m och s\u00e4ker passform. Dess unika formgivning hj\u00e4lper till att optimera stort\u00e5ns position, motverka h\u00f6gt fotvalv och st\u00f6dja utvecklingen av en mer normal fotform.<\/p>\n<p>Insidan och mellansulan \u00e4r tillverkade av formbar EVA som f\u00f6rb\u00e4ttrar passformen och bidrar till att minska risken f\u00f6r hudirritation och trycks\u00e5r. Mjuka neoprenpolstrade remmar med lycrafoder g\u00f6r ortosen enkel att applicera och justera, samtidigt som de bidrar till h\u00f6g komfort vid l\u00e4ngre anv\u00e4ndning.<\/p>\n","protected":false},"excerpt":{"rendered":"<p>ADM AFO (ankel-fot-ortos) \u00e4r en sandal som bibeh\u00e5ller korrigeringen av PEVA under natten och minska risken f\u00f6r \u00e5terfall. Sandalen anv\u00e4nds [&hellip;]<\/p>\n","protected":false},"featured_media":14749,"template":"","meta":[],"product_brand":[],"product_cat":[1390,1363,217,220],"product_tag":[],"class_list":{"0":"post-14734","1":"product","2":"type-product","3":"status-publish","4":"has-post-thumbnail","6":"product_cat-nyheter","7":"product_cat-peva-klumpfot","8":"product_cat-ortos","9":"product_cat-fot","10":"pa_varumarke-c-pro","12":"first","13":"outofstock","14":"featured","15":"shipping-taxable","16":"product-type-variable"},"acf":[],"yoast_head":"<!-- This site is optimized with the Yoast SEO Premium plugin v27.3 (Yoast SEO v27.3) - https:\/\/yoast.com\/product\/yoast-seo-premium-wordpress\/ -->\n<title>C-Pro ADM AFO-sandal - Embreis.com<\/title>\n<meta name=\"robots\" content=\"index, follow, max-snippet:-1, max-image-preview:large, max-video-preview:-1\" \/>\n<link rel=\"canonical\" href=\"https:\/\/embreis.com\/se\/produkt\/c-pro-adm-afo-sandal\/\" \/>\n<meta property=\"og:locale\" content=\"sv_SE\" \/>\n<meta property=\"og:type\" content=\"article\" \/>\n<meta property=\"og:title\" content=\"C-Pro ADM AFO-sandal\" \/>\n<meta property=\"og:description\" content=\"ADM AFO (ankel-fot-ortos) \u00e4r en sandal som bibeh\u00e5ller korrigeringen av PEVA under natten och minska risken f\u00f6r \u00e5terfall. Sandalen anv\u00e4nds [&hellip;]\" \/>\n<meta property=\"og:url\" content=\"https:\/\/embreis.com\/se\/produkt\/c-pro-adm-afo-sandal\/\" \/>\n<meta property=\"og:site_name\" content=\"Embreis SE\" \/>\n<meta property=\"article:publisher\" content=\"https:\/\/www.facebook.com\/embreis\/\" \/>\n<meta property=\"article:modified_time\" content=\"2026-09-01T14:05:30+00:00\" \/>\n<meta property=\"og:image\" content=\"https:\/\/embreis.com\/se\/wp-content\/uploads\/sites\/6\/2026\/08\/C-Pro_ADM_AFO-sandal_natt_1.png\" \/>\n\t<meta property=\"og:image:width\" content=\"800\" \/>\n\t<meta property=\"og:image:height\" content=\"800\" \/>\n\t<meta property=\"og:image:type\" content=\"image\/png\" \/>\n<meta name=\"twitter:card\" content=\"summary_large_image\" \/>\n<meta name=\"twitter:label1\" content=\"Ber\u00e4knad l\u00e4stid\" \/>\n\t<meta name=\"twitter:data1\" content=\"1 minut\" \/>\n<script type=\"application\/ld+json\" class=\"yoast-schema-graph\">{\"@context\":\"https:\\\/\\\/schema.org\",\"@graph\":[{\"@type\":\"WebPage\",\"@id\":\"https:\\\/\\\/embreis.com\\\/se\\\/produkt\\\/c-pro-adm-afo-sandal\\\/\",\"url\":\"https:\\\/\\\/embreis.com\\\/se\\\/produkt\\\/c-pro-adm-afo-sandal\\\/\",\"name\":\"C-Pro ADM AFO-sandal - Embreis.com\",\"isPartOf\":{\"@id\":\"https:\\\/\\\/embreis.com\\\/se\\\/#website\"},\"primaryImageOfPage\":{\"@id\":\"https:\\\/\\\/embreis.com\\\/se\\\/produkt\\\/c-pro-adm-afo-sandal\\\/#primaryimage\"},\"image\":{\"@id\":\"https:\\\/\\\/embreis.com\\\/se\\\/produkt\\\/c-pro-adm-afo-sandal\\\/#primaryimage\"},\"thumbnailUrl\":\"https:\\\/\\\/embreis.com\\\/se\\\/wp-content\\\/uploads\\\/sites\\\/6\\\/2026\\\/08\\\/C-Pro_ADM_AFO-sandal_natt_1.png\",\"datePublished\":\"2026-08-26T14:54:36+00:00\",\"dateModified\":\"2026-09-01T14:05:30+00:00\",\"breadcrumb\":{\"@id\":\"https:\\\/\\\/embreis.com\\\/se\\\/produkt\\\/c-pro-adm-afo-sandal\\\/#breadcrumb\"},\"inLanguage\":\"sv-SE\",\"potentialAction\":[{\"@type\":\"ReadAction\",\"target\":[\"https:\\\/\\\/embreis.com\\\/se\\\/produkt\\\/c-pro-adm-afo-sandal\\\/\"]}]},{\"@type\":\"ImageObject\",\"inLanguage\":\"sv-SE\",\"@id\":\"https:\\\/\\\/embreis.com\\\/se\\\/produkt\\\/c-pro-adm-afo-sandal\\\/#primaryimage\",\"url\":\"https:\\\/\\\/embreis.com\\\/se\\\/wp-content\\\/uploads\\\/sites\\\/6\\\/2026\\\/08\\\/C-Pro_ADM_AFO-sandal_natt_1.png\",\"contentUrl\":\"https:\\\/\\\/embreis.com\\\/se\\\/wp-content\\\/uploads\\\/sites\\\/6\\\/2026\\\/08\\\/C-Pro_ADM_AFO-sandal_natt_1.png\",\"width\":800,\"height\":800},{\"@type\":\"BreadcrumbList\",\"@id\":\"https:\\\/\\\/embreis.com\\\/se\\\/produkt\\\/c-pro-adm-afo-sandal\\\/#breadcrumb\",\"itemListElement\":[{\"@type\":\"ListItem\",\"position\":1,\"name\":\"Hem\",\"item\":\"https:\\\/\\\/embreis.com\\\/se\\\/\"},{\"@type\":\"ListItem\",\"position\":2,\"name\":\"Sortiment\",\"item\":\"https:\\\/\\\/embreis.com\\\/se\\\/sortiment\\\/\"},{\"@type\":\"ListItem\",\"position\":3,\"name\":\"Ortos\",\"item\":\"https:\\\/\\\/embreis.com\\\/se\\\/produktkategori\\\/ortos\\\/\"},{\"@type\":\"ListItem\",\"position\":4,\"name\":\"Fot\",\"item\":\"https:\\\/\\\/embreis.com\\\/se\\\/produktkategori\\\/ortos\\\/fot\\\/\"},{\"@type\":\"ListItem\",\"position\":5,\"name\":\"PEVA - Klumpfot\",\"item\":\"https:\\\/\\\/embreis.com\\\/se\\\/produktkategori\\\/ortos\\\/fot\\\/peva-klumpfot\\\/\"},{\"@type\":\"ListItem\",\"position\":6,\"name\":\"C-Pro ADM AFO-sandal\"}]},{\"@type\":\"WebSite\",\"@id\":\"https:\\\/\\\/embreis.com\\\/se\\\/#website\",\"url\":\"https:\\\/\\\/embreis.com\\\/se\\\/\",\"name\":\"Embreis SE\",\"description\":\"Ortoser, proteser och material\",\"publisher\":{\"@id\":\"https:\\\/\\\/embreis.com\\\/se\\\/#organization\"},\"potentialAction\":[{\"@type\":\"SearchAction\",\"target\":{\"@type\":\"EntryPoint\",\"urlTemplate\":\"https:\\\/\\\/embreis.com\\\/se\\\/?s={search_term_string}\"},\"query-input\":{\"@type\":\"PropertyValueSpecification\",\"valueRequired\":true,\"valueName\":\"search_term_string\"}}],\"inLanguage\":\"sv-SE\"},{\"@type\":\"Organization\",\"@id\":\"https:\\\/\\\/embreis.com\\\/se\\\/#organization\",\"name\":\"Embreis AB\",\"url\":\"https:\\\/\\\/embreis.com\\\/se\\\/\",\"logo\":{\"@type\":\"ImageObject\",\"inLanguage\":\"sv-SE\",\"@id\":\"https:\\\/\\\/embreis.com\\\/se\\\/#\\\/schema\\\/logo\\\/image\\\/\",\"url\":\"https:\\\/\\\/embreis.com\\\/se\\\/wp-content\\\/uploads\\\/sites\\\/6\\\/2019\\\/08\\\/Embreis_Logo2_PMS.png\",\"contentUrl\":\"https:\\\/\\\/embreis.com\\\/se\\\/wp-content\\\/uploads\\\/sites\\\/6\\\/2019\\\/08\\\/Embreis_Logo2_PMS.png\",\"width\":1723,\"height\":926,\"caption\":\"Embreis AB\"},\"image\":{\"@id\":\"https:\\\/\\\/embreis.com\\\/se\\\/#\\\/schema\\\/logo\\\/image\\\/\"},\"sameAs\":[\"https:\\\/\\\/www.facebook.com\\\/embreis\\\/\",\"https:\\\/\\\/www.linkedin.com\\\/company\\\/embreis-ab\\\/\",\"https:\\\/\\\/www.youtube.com\\\/user\\\/embreisAB\"]}]}<\/script>\n<!-- \/ Yoast SEO Premium plugin. -->","yoast_head_json":{"title":"C-Pro ADM AFO-sandal - Embreis.com","robots":{"index":"index","follow":"follow","max-snippet":"max-snippet:-1","max-image-preview":"max-image-preview:large","max-video-preview":"max-video-preview:-1"},"canonical":"https:\/\/embreis.com\/se\/produkt\/c-pro-adm-afo-sandal\/","og_locale":"sv_SE","og_type":"article","og_title":"C-Pro ADM AFO-sandal","og_description":"ADM AFO (ankel-fot-ortos) \u00e4r en sandal som bibeh\u00e5ller korrigeringen av PEVA under natten och minska risken f\u00f6r \u00e5terfall. Sandalen anv\u00e4nds [&hellip;]","og_url":"https:\/\/embreis.com\/se\/produkt\/c-pro-adm-afo-sandal\/","og_site_name":"Embreis SE","article_publisher":"https:\/\/www.facebook.com\/embreis\/","article_modified_time":"2026-09-01T14:05:30+00:00","og_image":[{"width":800,"height":800,"url":"https:\/\/embreis.com\/se\/wp-content\/uploads\/sites\/6\/2026\/08\/C-Pro_ADM_AFO-sandal_natt_1.png","type":"image\/png"}],"twitter_card":"summary_large_image","twitter_misc":{"Ber\u00e4knad l\u00e4stid":"1 minut"},"schema":{"@context":"https:\/\/schema.org","@graph":[{"@type":"WebPage","@id":"https:\/\/embreis.com\/se\/produkt\/c-pro-adm-afo-sandal\/","url":"https:\/\/embreis.com\/se\/produkt\/c-pro-adm-afo-sandal\/","name":"C-Pro ADM AFO-sandal - Embreis.com","isPartOf":{"@id":"https:\/\/embreis.com\/se\/#website"},"primaryImageOfPage":{"@id":"https:\/\/embreis.com\/se\/produkt\/c-pro-adm-afo-sandal\/#primaryimage"},"image":{"@id":"https:\/\/embreis.com\/se\/produkt\/c-pro-adm-afo-sandal\/#primaryimage"},"thumbnailUrl":"https:\/\/embreis.com\/se\/wp-content\/uploads\/sites\/6\/2026\/08\/C-Pro_ADM_AFO-sandal_natt_1.png","datePublished":"2026-08-26T14:54:36+00:00","dateModified":"2026-09-01T14:05:30+00:00","breadcrumb":{"@id":"https:\/\/embreis.com\/se\/produkt\/c-pro-adm-afo-sandal\/#breadcrumb"},"inLanguage":"sv-SE","potentialAction":[{"@type":"ReadAction","target":["https:\/\/embreis.com\/se\/produkt\/c-pro-adm-afo-sandal\/"]}]},{"@type":"ImageObject","inLanguage":"sv-SE","@id":"https:\/\/embreis.com\/se\/produkt\/c-pro-adm-afo-sandal\/#primaryimage","url":"https:\/\/embreis.com\/se\/wp-content\/uploads\/sites\/6\/2026\/08\/C-Pro_ADM_AFO-sandal_natt_1.png","contentUrl":"https:\/\/embreis.com\/se\/wp-content\/uploads\/sites\/6\/2026\/08\/C-Pro_ADM_AFO-sandal_natt_1.png","width":800,"height":800},{"@type":"BreadcrumbList","@id":"https:\/\/embreis.com\/se\/produkt\/c-pro-adm-afo-sandal\/#breadcrumb","itemListElement":[{"@type":"ListItem","position":1,"name":"Hem","item":"https:\/\/embreis.com\/se\/"},{"@type":"ListItem","position":2,"name":"Sortiment","item":"https:\/\/embreis.com\/se\/sortiment\/"},{"@type":"ListItem","position":3,"name":"Ortos","item":"https:\/\/embreis.com\/se\/produktkategori\/ortos\/"},{"@type":"ListItem","position":4,"name":"Fot","item":"https:\/\/embreis.com\/se\/produktkategori\/ortos\/fot\/"},{"@type":"ListItem","position":5,"name":"PEVA - Klumpfot","item":"https:\/\/embreis.com\/se\/produktkategori\/ortos\/fot\/peva-klumpfot\/"},{"@type":"ListItem","position":6,"name":"C-Pro ADM AFO-sandal"}]},{"@type":"WebSite","@id":"https:\/\/embreis.com\/se\/#website","url":"https:\/\/embreis.com\/se\/","name":"Embreis SE","description":"Ortoser, proteser och material","publisher":{"@id":"https:\/\/embreis.com\/se\/#organization"},"potentialAction":[{"@type":"SearchAction","target":{"@type":"EntryPoint","urlTemplate":"https:\/\/embreis.com\/se\/?s={search_term_string}"},"query-input":{"@type":"PropertyValueSpecification","valueRequired":true,"valueName":"search_term_string"}}],"inLanguage":"sv-SE"},{"@type":"Organization","@id":"https:\/\/embreis.com\/se\/#organization","name":"Embreis AB","url":"https:\/\/embreis.com\/se\/","logo":{"@type":"ImageObject","inLanguage":"sv-SE","@id":"https:\/\/embreis.com\/se\/#\/schema\/logo\/image\/","url":"https:\/\/embreis.com\/se\/wp-content\/uploads\/sites\/6\/2019\/08\/Embreis_Logo2_PMS.png","contentUrl":"https:\/\/embreis.com\/se\/wp-content\/uploads\/sites\/6\/2019\/08\/Embreis_Logo2_PMS.png","width":1723,"height":926,"caption":"Embreis AB"},"image":{"@id":"https:\/\/embreis.com\/se\/#\/schema\/logo\/image\/"},"sameAs":["https:\/\/www.facebook.com\/embreis\/","https:\/\/www.linkedin.com\/company\/embreis-ab\/","https:\/\/www.youtube.com\/user\/embreisAB"]}]}},"_links":{"self":[{"href":"https:\/\/embreis.com\/se\/wp-json\/wp\/v2\/product\/14734","targetHints":{"allow":["GET"]}}],"collection":[{"href":"https:\/\/embreis.com\/se\/wp-json\/wp\/v2\/product"}],"about":[{"href":"https:\/\/embreis.com\/se\/wp-json\/wp\/v2\/types\/product"}],"wp:featuredmedia":[{"embeddable":true,"href":"https:\/\/embreis.com\/se\/wp-json\/wp\/v2\/media\/14749"}],"wp:attachment":[{"href":"https:\/\/embreis.com\/se\/wp-json\/wp\/v2\/media?parent=14734"}],"wp:term":[{"taxonomy":"product_brand","embeddable":true,"href":"https:\/\/embreis.com\/se\/wp-json\/wp\/v2\/product_brand?post=14734"},{"taxonomy":"product_cat","embeddable":true,"href":"https:\/\/embreis.com\/se\/wp-json\/wp\/v2\/product_cat?post=14734"},{"taxonomy":"product_tag","embeddable":true,"href":"https:\/\/embreis.com\/se\/wp-json\/wp\/v2\/product_tag?post=14734"}],"curies":[{"name":"wp","href":"https:\/\/api.w.org\/{rel}","templated":true}]}}