{"id":14708,"date":"2026-08-25T15:18:43","date_gmt":"2026-08-25T13:18:43","guid":{"rendered":"https:\/\/embreis.com\/se\/?post_type=product&#038;p=14708"},"modified":"2026-08-25T16:57:26","modified_gmt":"2026-08-25T14:57:26","slug":"vectra-wee-walker","status":"publish","type":"product","link":"https:\/\/embreis.com\/se\/produkt\/vectra-wee-walker\/","title":{"rendered":"Vectra Wee Walker Junior"},"content":{"rendered":"<p><strong>Vectra Wee Walker \u00e4r en Walker-ortos som \u00e4r s\u00e4rskilt utvecklad f\u00f6r barns behov.<\/strong><\/p>\n<p>Vectra Wee Walker immobiliserar och stabiliserar effektivt fotleden vid stukningar, str\u00e4ckningar och andra akuta eller postoperativa tillst\u00e5nd.\u00a0Vectra Wee Walker \u00e4r l\u00e4tt och smidig med en l\u00e5g byggh\u00f6jd som bidrar till ett mer naturligt g\u00e5ngm\u00f6nster, samtidigt som storlekarna \u00e4r proportionerligt anpassade efter barns faktiska fotstorlekar f\u00f6r att ge en b\u00e4ttre och mer bekv\u00e4m passform.<\/p>\n<p>F\u00f6r att g\u00f6ra rehabiliteringen lite roligare f\u00f6r barnet har sulan ett ingraverat astronautmotiv, f\u00f6r visst p\u00e5minner en Walker om de st\u00f6vlar som astronauter har n\u00e4r de utforskar rymden?<\/p>\n<p><em>Vectra Wee Walker finns \u00e4ven i en version med integrerat prenumatiskt system. Denna version \u00e4r inte lagervara. Kontakta oss vid intresse!<\/em><\/p>\n","protected":false},"excerpt":{"rendered":"<ul>\n<li>Immobilisering av fot<\/li>\n<li>L\u00e5g byggh\u00f6jd<\/li>\n<li>Bilaterala luftkanaler<\/li>\n<li>Rullsula f\u00f6r korrekt g\u00e5ng<\/li>\n<\/ul>\n","protected":false},"featured_media":14714,"template":"","meta":[],"product_brand":[],"product_cat":[1232,217,225],"product_tag":[],"class_list":{"0":"post-14708","1":"product","2":"type-product","3":"status-publish","4":"has-post-thumbnail","6":"product_cat-postop-traum","7":"product_cat-ortos","8":"product_cat-ankel","9":"pa_varumarke-breg","11":"first","12":"outofstock","13":"shipping-taxable","14":"product-type-variable"},"acf":[],"yoast_head":"<!-- This site is optimized with the Yoast SEO Premium plugin v27.3 (Yoast SEO v27.3) - https:\/\/yoast.com\/product\/yoast-seo-premium-wordpress\/ -->\n<title>Vectra Wee Walker Junior - Embreis.com<\/title>\n<meta name=\"description\" content=\"Vectra Wee Walker \u00e4r en l\u00e4tt Walker-ortos f\u00f6r barn med l\u00e5g byggh\u00f6jd. Storlek efter fotl\u00e4ngd i cm. Best\u00e4ll via Embreis.\" \/>\n<meta name=\"robots\" content=\"index, follow, max-snippet:-1, max-image-preview:large, max-video-preview:-1\" \/>\n<link rel=\"canonical\" href=\"https:\/\/embreis.com\/se\/produkt\/vectra-wee-walker\/\" \/>\n<meta property=\"og:locale\" content=\"sv_SE\" \/>\n<meta property=\"og:type\" content=\"article\" \/>\n<meta property=\"og:title\" content=\"Vectra Wee Walker Junior\" \/>\n<meta property=\"og:description\" content=\"Vectra Wee Walker \u00e4r en l\u00e4tt Walker-ortos f\u00f6r barn med l\u00e5g byggh\u00f6jd. Storlek efter fotl\u00e4ngd i cm. Best\u00e4ll via Embreis.\" \/>\n<meta property=\"og:url\" content=\"https:\/\/embreis.com\/se\/produkt\/vectra-wee-walker\/\" \/>\n<meta property=\"og:site_name\" content=\"Embreis SE\" \/>\n<meta property=\"article:publisher\" content=\"https:\/\/www.facebook.com\/embreis\/\" \/>\n<meta property=\"article:modified_time\" content=\"2026-08-25T14:57:26+00:00\" \/>\n<meta property=\"og:image\" content=\"https:\/\/embreis.com\/se\/wp-content\/uploads\/sites\/6\/2026\/08\/Vectra_Wee_Walker.png\" \/>\n\t<meta property=\"og:image:width\" content=\"800\" \/>\n\t<meta property=\"og:image:height\" content=\"800\" \/>\n\t<meta property=\"og:image:type\" content=\"image\/png\" \/>\n<meta name=\"twitter:card\" content=\"summary_large_image\" \/>\n<meta name=\"twitter:label1\" content=\"Ber\u00e4knad l\u00e4stid\" \/>\n\t<meta name=\"twitter:data1\" content=\"1 minut\" \/>\n<script type=\"application\/ld+json\" class=\"yoast-schema-graph\">{\"@context\":\"https:\\\/\\\/schema.org\",\"@graph\":[{\"@type\":\"WebPage\",\"@id\":\"https:\\\/\\\/embreis.com\\\/se\\\/produkt\\\/vectra-wee-walker\\\/\",\"url\":\"https:\\\/\\\/embreis.com\\\/se\\\/produkt\\\/vectra-wee-walker\\\/\",\"name\":\"Vectra Wee Walker Junior - Embreis.com\",\"isPartOf\":{\"@id\":\"https:\\\/\\\/embreis.com\\\/se\\\/#website\"},\"primaryImageOfPage\":{\"@id\":\"https:\\\/\\\/embreis.com\\\/se\\\/produkt\\\/vectra-wee-walker\\\/#primaryimage\"},\"image\":{\"@id\":\"https:\\\/\\\/embreis.com\\\/se\\\/produkt\\\/vectra-wee-walker\\\/#primaryimage\"},\"thumbnailUrl\":\"https:\\\/\\\/embreis.com\\\/se\\\/wp-content\\\/uploads\\\/sites\\\/6\\\/2026\\\/08\\\/Vectra_Wee_Walker.png\",\"datePublished\":\"2026-08-25T13:18:43+00:00\",\"dateModified\":\"2026-08-25T14:57:26+00:00\",\"description\":\"Vectra Wee Walker \u00e4r en l\u00e4tt Walker-ortos f\u00f6r barn med l\u00e5g byggh\u00f6jd. Storlek efter fotl\u00e4ngd i cm. Best\u00e4ll via Embreis.\",\"breadcrumb\":{\"@id\":\"https:\\\/\\\/embreis.com\\\/se\\\/produkt\\\/vectra-wee-walker\\\/#breadcrumb\"},\"inLanguage\":\"sv-SE\",\"potentialAction\":[{\"@type\":\"ReadAction\",\"target\":[\"https:\\\/\\\/embreis.com\\\/se\\\/produkt\\\/vectra-wee-walker\\\/\"]}]},{\"@type\":\"ImageObject\",\"inLanguage\":\"sv-SE\",\"@id\":\"https:\\\/\\\/embreis.com\\\/se\\\/produkt\\\/vectra-wee-walker\\\/#primaryimage\",\"url\":\"https:\\\/\\\/embreis.com\\\/se\\\/wp-content\\\/uploads\\\/sites\\\/6\\\/2026\\\/08\\\/Vectra_Wee_Walker.png\",\"contentUrl\":\"https:\\\/\\\/embreis.com\\\/se\\\/wp-content\\\/uploads\\\/sites\\\/6\\\/2026\\\/08\\\/Vectra_Wee_Walker.png\",\"width\":800,\"height\":800},{\"@type\":\"BreadcrumbList\",\"@id\":\"https:\\\/\\\/embreis.com\\\/se\\\/produkt\\\/vectra-wee-walker\\\/#breadcrumb\",\"itemListElement\":[{\"@type\":\"ListItem\",\"position\":1,\"name\":\"Hem\",\"item\":\"https:\\\/\\\/embreis.com\\\/se\\\/\"},{\"@type\":\"ListItem\",\"position\":2,\"name\":\"Sortiment\",\"item\":\"https:\\\/\\\/embreis.com\\\/se\\\/sortiment\\\/\"},{\"@type\":\"ListItem\",\"position\":3,\"name\":\"Ortos\",\"item\":\"https:\\\/\\\/embreis.com\\\/se\\\/produktkategori\\\/ortos\\\/\"},{\"@type\":\"ListItem\",\"position\":4,\"name\":\"Ankel\",\"item\":\"https:\\\/\\\/embreis.com\\\/se\\\/produktkategori\\\/ortos\\\/ankel\\\/\"},{\"@type\":\"ListItem\",\"position\":5,\"name\":\"PostOp - Trauma\",\"item\":\"https:\\\/\\\/embreis.com\\\/se\\\/produktkategori\\\/ortos\\\/ankel\\\/postop-traum\\\/\"},{\"@type\":\"ListItem\",\"position\":6,\"name\":\"Vectra Wee Walker Junior\"}]},{\"@type\":\"WebSite\",\"@id\":\"https:\\\/\\\/embreis.com\\\/se\\\/#website\",\"url\":\"https:\\\/\\\/embreis.com\\\/se\\\/\",\"name\":\"Embreis SE\",\"description\":\"Ortoser, proteser och material\",\"publisher\":{\"@id\":\"https:\\\/\\\/embreis.com\\\/se\\\/#organization\"},\"potentialAction\":[{\"@type\":\"SearchAction\",\"target\":{\"@type\":\"EntryPoint\",\"urlTemplate\":\"https:\\\/\\\/embreis.com\\\/se\\\/?s={search_term_string}\"},\"query-input\":{\"@type\":\"PropertyValueSpecification\",\"valueRequired\":true,\"valueName\":\"search_term_string\"}}],\"inLanguage\":\"sv-SE\"},{\"@type\":\"Organization\",\"@id\":\"https:\\\/\\\/embreis.com\\\/se\\\/#organization\",\"name\":\"Embreis AB\",\"url\":\"https:\\\/\\\/embreis.com\\\/se\\\/\",\"logo\":{\"@type\":\"ImageObject\",\"inLanguage\":\"sv-SE\",\"@id\":\"https:\\\/\\\/embreis.com\\\/se\\\/#\\\/schema\\\/logo\\\/image\\\/\",\"url\":\"https:\\\/\\\/embreis.com\\\/se\\\/wp-content\\\/uploads\\\/sites\\\/6\\\/2019\\\/08\\\/Embreis_Logo2_PMS.png\",\"contentUrl\":\"https:\\\/\\\/embreis.com\\\/se\\\/wp-content\\\/uploads\\\/sites\\\/6\\\/2019\\\/08\\\/Embreis_Logo2_PMS.png\",\"width\":1723,\"height\":926,\"caption\":\"Embreis AB\"},\"image\":{\"@id\":\"https:\\\/\\\/embreis.com\\\/se\\\/#\\\/schema\\\/logo\\\/image\\\/\"},\"sameAs\":[\"https:\\\/\\\/www.facebook.com\\\/embreis\\\/\",\"https:\\\/\\\/www.linkedin.com\\\/company\\\/embreis-ab\\\/\",\"https:\\\/\\\/www.youtube.com\\\/user\\\/embreisAB\"]}]}<\/script>\n<!-- \/ Yoast SEO Premium plugin. -->","yoast_head_json":{"title":"Vectra Wee Walker Junior - Embreis.com","description":"Vectra Wee Walker \u00e4r en l\u00e4tt Walker-ortos f\u00f6r barn med l\u00e5g byggh\u00f6jd. Storlek efter fotl\u00e4ngd i cm. Best\u00e4ll via Embreis.","robots":{"index":"index","follow":"follow","max-snippet":"max-snippet:-1","max-image-preview":"max-image-preview:large","max-video-preview":"max-video-preview:-1"},"canonical":"https:\/\/embreis.com\/se\/produkt\/vectra-wee-walker\/","og_locale":"sv_SE","og_type":"article","og_title":"Vectra Wee Walker Junior","og_description":"Vectra Wee Walker \u00e4r en l\u00e4tt Walker-ortos f\u00f6r barn med l\u00e5g byggh\u00f6jd. Storlek efter fotl\u00e4ngd i cm. Best\u00e4ll via Embreis.","og_url":"https:\/\/embreis.com\/se\/produkt\/vectra-wee-walker\/","og_site_name":"Embreis SE","article_publisher":"https:\/\/www.facebook.com\/embreis\/","article_modified_time":"2026-08-25T14:57:26+00:00","og_image":[{"width":800,"height":800,"url":"https:\/\/embreis.com\/se\/wp-content\/uploads\/sites\/6\/2026\/08\/Vectra_Wee_Walker.png","type":"image\/png"}],"twitter_card":"summary_large_image","twitter_misc":{"Ber\u00e4knad l\u00e4stid":"1 minut"},"schema":{"@context":"https:\/\/schema.org","@graph":[{"@type":"WebPage","@id":"https:\/\/embreis.com\/se\/produkt\/vectra-wee-walker\/","url":"https:\/\/embreis.com\/se\/produkt\/vectra-wee-walker\/","name":"Vectra Wee Walker Junior - Embreis.com","isPartOf":{"@id":"https:\/\/embreis.com\/se\/#website"},"primaryImageOfPage":{"@id":"https:\/\/embreis.com\/se\/produkt\/vectra-wee-walker\/#primaryimage"},"image":{"@id":"https:\/\/embreis.com\/se\/produkt\/vectra-wee-walker\/#primaryimage"},"thumbnailUrl":"https:\/\/embreis.com\/se\/wp-content\/uploads\/sites\/6\/2026\/08\/Vectra_Wee_Walker.png","datePublished":"2026-08-25T13:18:43+00:00","dateModified":"2026-08-25T14:57:26+00:00","description":"Vectra Wee Walker \u00e4r en l\u00e4tt Walker-ortos f\u00f6r barn med l\u00e5g byggh\u00f6jd. Storlek efter fotl\u00e4ngd i cm. Best\u00e4ll via Embreis.","breadcrumb":{"@id":"https:\/\/embreis.com\/se\/produkt\/vectra-wee-walker\/#breadcrumb"},"inLanguage":"sv-SE","potentialAction":[{"@type":"ReadAction","target":["https:\/\/embreis.com\/se\/produkt\/vectra-wee-walker\/"]}]},{"@type":"ImageObject","inLanguage":"sv-SE","@id":"https:\/\/embreis.com\/se\/produkt\/vectra-wee-walker\/#primaryimage","url":"https:\/\/embreis.com\/se\/wp-content\/uploads\/sites\/6\/2026\/08\/Vectra_Wee_Walker.png","contentUrl":"https:\/\/embreis.com\/se\/wp-content\/uploads\/sites\/6\/2026\/08\/Vectra_Wee_Walker.png","width":800,"height":800},{"@type":"BreadcrumbList","@id":"https:\/\/embreis.com\/se\/produkt\/vectra-wee-walker\/#breadcrumb","itemListElement":[{"@type":"ListItem","position":1,"name":"Hem","item":"https:\/\/embreis.com\/se\/"},{"@type":"ListItem","position":2,"name":"Sortiment","item":"https:\/\/embreis.com\/se\/sortiment\/"},{"@type":"ListItem","position":3,"name":"Ortos","item":"https:\/\/embreis.com\/se\/produktkategori\/ortos\/"},{"@type":"ListItem","position":4,"name":"Ankel","item":"https:\/\/embreis.com\/se\/produktkategori\/ortos\/ankel\/"},{"@type":"ListItem","position":5,"name":"PostOp - Trauma","item":"https:\/\/embreis.com\/se\/produktkategori\/ortos\/ankel\/postop-traum\/"},{"@type":"ListItem","position":6,"name":"Vectra Wee Walker Junior"}]},{"@type":"WebSite","@id":"https:\/\/embreis.com\/se\/#website","url":"https:\/\/embreis.com\/se\/","name":"Embreis SE","description":"Ortoser, proteser och material","publisher":{"@id":"https:\/\/embreis.com\/se\/#organization"},"potentialAction":[{"@type":"SearchAction","target":{"@type":"EntryPoint","urlTemplate":"https:\/\/embreis.com\/se\/?s={search_term_string}"},"query-input":{"@type":"PropertyValueSpecification","valueRequired":true,"valueName":"search_term_string"}}],"inLanguage":"sv-SE"},{"@type":"Organization","@id":"https:\/\/embreis.com\/se\/#organization","name":"Embreis AB","url":"https:\/\/embreis.com\/se\/","logo":{"@type":"ImageObject","inLanguage":"sv-SE","@id":"https:\/\/embreis.com\/se\/#\/schema\/logo\/image\/","url":"https:\/\/embreis.com\/se\/wp-content\/uploads\/sites\/6\/2019\/08\/Embreis_Logo2_PMS.png","contentUrl":"https:\/\/embreis.com\/se\/wp-content\/uploads\/sites\/6\/2019\/08\/Embreis_Logo2_PMS.png","width":1723,"height":926,"caption":"Embreis AB"},"image":{"@id":"https:\/\/embreis.com\/se\/#\/schema\/logo\/image\/"},"sameAs":["https:\/\/www.facebook.com\/embreis\/","https:\/\/www.linkedin.com\/company\/embreis-ab\/","https:\/\/www.youtube.com\/user\/embreisAB"]}]}},"_links":{"self":[{"href":"https:\/\/embreis.com\/se\/wp-json\/wp\/v2\/product\/14708","targetHints":{"allow":["GET"]}}],"collection":[{"href":"https:\/\/embreis.com\/se\/wp-json\/wp\/v2\/product"}],"about":[{"href":"https:\/\/embreis.com\/se\/wp-json\/wp\/v2\/types\/product"}],"wp:featuredmedia":[{"embeddable":true,"href":"https:\/\/embreis.com\/se\/wp-json\/wp\/v2\/media\/14714"}],"wp:attachment":[{"href":"https:\/\/embreis.com\/se\/wp-json\/wp\/v2\/media?parent=14708"}],"wp:term":[{"taxonomy":"product_brand","embeddable":true,"href":"https:\/\/embreis.com\/se\/wp-json\/wp\/v2\/product_brand?post=14708"},{"taxonomy":"product_cat","embeddable":true,"href":"https:\/\/embreis.com\/se\/wp-json\/wp\/v2\/product_cat?post=14708"},{"taxonomy":"product_tag","embeddable":true,"href":"https:\/\/embreis.com\/se\/wp-json\/wp\/v2\/product_tag?post=14708"}],"curies":[{"name":"wp","href":"https:\/\/api.w.org\/{rel}","templated":true}]}}