{"id":14591,"date":"2026-04-30T11:19:42","date_gmt":"2026-04-30T09:19:42","guid":{"rendered":"https:\/\/embreis.com\/se\/?post_type=product&#038;p=14591"},"modified":"2026-04-30T11:32:00","modified_gmt":"2026-04-30T09:32:00","slug":"ss-c201","status":"publish","type":"product","link":"https:\/\/embreis.com\/se\/produkt\/ss-c201\/","title":{"rendered":"SS C201"},"content":{"rendered":"<p data-start=\"295\" data-end=\"447\">M\u00e5ngsidig energilagrande protesfot i kolfiber utvecklad f\u00f6r att kombinera funktion, komfort och enkel anpassning i vardagen.<\/p>\n<p data-start=\"449\" data-end=\"696\">Den smarta konstruktionen g\u00f6r det m\u00f6jligt att snabbt justera h\u00e4lh\u00f6jd och vinkel inom ett intervall p\u00e5 0\u201360 mm. Det inneb\u00e4r att anv\u00e4ndaren enkelt kan anpassa protesen efter olika typer av skor.<\/p>\n<p data-start=\"698\" data-end=\"1007\">SS C201 \u00e4r utformad f\u00f6r att ge en naturlig rullning i steget genom att automatiskt anpassa sig till fotens r\u00f6relsebana och bidra till en j\u00e4mn belastning genom hela g\u00e5ngcykeln. Konstruktionen hj\u00e4lper \u00e4ven till att kompensera f\u00f6r eventuella benl\u00e4ngdsskillnader och underl\u00e4ttar korrekt positionering vid anv\u00e4ndning.<\/p>\n<p data-start=\"1009\" data-end=\"1135\">Tack vare sin anv\u00e4ndarv\u00e4nliga design \u00e4r C201 enkel att justera och hantera, b\u00e5de vid utprovning och i det dagliga anv\u00e4ndandet.<\/p>\n","protected":false},"excerpt":{"rendered":"<p>M\u00e5ngsidig energilagrande protesfot i kolfiber utvecklad f\u00f6r att kombinera funktion, komfort och enkel anpassning i vardagen. Den smarta konstruktionen g\u00f6r [&hellip;]<\/p>\n","protected":false},"featured_media":14593,"template":"","meta":[],"product_brand":[],"product_cat":[1247,272,1142],"product_tag":[],"class_list":{"0":"post-14591","1":"product","2":"type-product","3":"status-publish","4":"has-post-thumbnail","6":"product_cat-active","7":"product_cat-protes","8":"product_cat-fotter","10":"first","11":"instock","12":"featured","13":"shipping-taxable","14":"product-type-variable"},"acf":[],"yoast_head":"<!-- This site is optimized with the Yoast SEO Premium plugin v27.3 (Yoast SEO v27.3) - https:\/\/yoast.com\/product\/yoast-seo-premium-wordpress\/ -->\n<title>SS C201 - Embreis.com<\/title>\n<meta name=\"robots\" content=\"index, follow, max-snippet:-1, max-image-preview:large, max-video-preview:-1\" \/>\n<link rel=\"canonical\" href=\"https:\/\/embreis.com\/se\/produkt\/ss-c201\/\" \/>\n<meta property=\"og:locale\" content=\"sv_SE\" \/>\n<meta property=\"og:type\" content=\"article\" \/>\n<meta property=\"og:title\" content=\"SS C201\" \/>\n<meta property=\"og:description\" content=\"M\u00e5ngsidig energilagrande protesfot i kolfiber utvecklad f\u00f6r att kombinera funktion, komfort och enkel anpassning i vardagen. Den smarta konstruktionen g\u00f6r [&hellip;]\" \/>\n<meta property=\"og:url\" content=\"https:\/\/embreis.com\/se\/produkt\/ss-c201\/\" \/>\n<meta property=\"og:site_name\" content=\"Embreis SE\" \/>\n<meta property=\"article:publisher\" content=\"https:\/\/www.facebook.com\/embreis\/\" \/>\n<meta property=\"article:modified_time\" content=\"2026-04-30T09:32:00+00:00\" \/>\n<meta property=\"og:image\" content=\"https:\/\/embreis.com\/se\/wp-content\/uploads\/sites\/6\/2026\/04\/SpeedSmart_C201.png\" \/>\n\t<meta property=\"og:image:width\" content=\"800\" \/>\n\t<meta property=\"og:image:height\" content=\"800\" \/>\n\t<meta property=\"og:image:type\" content=\"image\/png\" \/>\n<meta name=\"twitter:card\" content=\"summary_large_image\" \/>\n<meta name=\"twitter:label1\" content=\"Ber\u00e4knad l\u00e4stid\" \/>\n\t<meta name=\"twitter:data1\" content=\"1 minut\" \/>\n<script type=\"application\/ld+json\" class=\"yoast-schema-graph\">{\"@context\":\"https:\\\/\\\/schema.org\",\"@graph\":[{\"@type\":\"WebPage\",\"@id\":\"https:\\\/\\\/embreis.com\\\/se\\\/produkt\\\/ss-c201\\\/\",\"url\":\"https:\\\/\\\/embreis.com\\\/se\\\/produkt\\\/ss-c201\\\/\",\"name\":\"SS C201 - Embreis.com\",\"isPartOf\":{\"@id\":\"https:\\\/\\\/embreis.com\\\/se\\\/#website\"},\"primaryImageOfPage\":{\"@id\":\"https:\\\/\\\/embreis.com\\\/se\\\/produkt\\\/ss-c201\\\/#primaryimage\"},\"image\":{\"@id\":\"https:\\\/\\\/embreis.com\\\/se\\\/produkt\\\/ss-c201\\\/#primaryimage\"},\"thumbnailUrl\":\"https:\\\/\\\/embreis.com\\\/se\\\/wp-content\\\/uploads\\\/sites\\\/6\\\/2026\\\/04\\\/SpeedSmart_C201.png\",\"datePublished\":\"2026-04-30T09:19:42+00:00\",\"dateModified\":\"2026-04-30T09:32:00+00:00\",\"breadcrumb\":{\"@id\":\"https:\\\/\\\/embreis.com\\\/se\\\/produkt\\\/ss-c201\\\/#breadcrumb\"},\"inLanguage\":\"sv-SE\",\"potentialAction\":[{\"@type\":\"ReadAction\",\"target\":[\"https:\\\/\\\/embreis.com\\\/se\\\/produkt\\\/ss-c201\\\/\"]}]},{\"@type\":\"ImageObject\",\"inLanguage\":\"sv-SE\",\"@id\":\"https:\\\/\\\/embreis.com\\\/se\\\/produkt\\\/ss-c201\\\/#primaryimage\",\"url\":\"https:\\\/\\\/embreis.com\\\/se\\\/wp-content\\\/uploads\\\/sites\\\/6\\\/2026\\\/04\\\/SpeedSmart_C201.png\",\"contentUrl\":\"https:\\\/\\\/embreis.com\\\/se\\\/wp-content\\\/uploads\\\/sites\\\/6\\\/2026\\\/04\\\/SpeedSmart_C201.png\",\"width\":800,\"height\":800},{\"@type\":\"BreadcrumbList\",\"@id\":\"https:\\\/\\\/embreis.com\\\/se\\\/produkt\\\/ss-c201\\\/#breadcrumb\",\"itemListElement\":[{\"@type\":\"ListItem\",\"position\":1,\"name\":\"Hem\",\"item\":\"https:\\\/\\\/embreis.com\\\/se\\\/\"},{\"@type\":\"ListItem\",\"position\":2,\"name\":\"Sortiment\",\"item\":\"https:\\\/\\\/embreis.com\\\/se\\\/sortiment\\\/\"},{\"@type\":\"ListItem\",\"position\":3,\"name\":\"Protes\",\"item\":\"https:\\\/\\\/embreis.com\\\/se\\\/produktkategori\\\/protes\\\/\"},{\"@type\":\"ListItem\",\"position\":4,\"name\":\"F\u00f6tter\",\"item\":\"https:\\\/\\\/embreis.com\\\/se\\\/produktkategori\\\/protes\\\/fotter\\\/\"},{\"@type\":\"ListItem\",\"position\":5,\"name\":\"SS C201\"}]},{\"@type\":\"WebSite\",\"@id\":\"https:\\\/\\\/embreis.com\\\/se\\\/#website\",\"url\":\"https:\\\/\\\/embreis.com\\\/se\\\/\",\"name\":\"Embreis SE\",\"description\":\"Ortoser, proteser och material\",\"publisher\":{\"@id\":\"https:\\\/\\\/embreis.com\\\/se\\\/#organization\"},\"potentialAction\":[{\"@type\":\"SearchAction\",\"target\":{\"@type\":\"EntryPoint\",\"urlTemplate\":\"https:\\\/\\\/embreis.com\\\/se\\\/?s={search_term_string}\"},\"query-input\":{\"@type\":\"PropertyValueSpecification\",\"valueRequired\":true,\"valueName\":\"search_term_string\"}}],\"inLanguage\":\"sv-SE\"},{\"@type\":\"Organization\",\"@id\":\"https:\\\/\\\/embreis.com\\\/se\\\/#organization\",\"name\":\"Embreis AB\",\"url\":\"https:\\\/\\\/embreis.com\\\/se\\\/\",\"logo\":{\"@type\":\"ImageObject\",\"inLanguage\":\"sv-SE\",\"@id\":\"https:\\\/\\\/embreis.com\\\/se\\\/#\\\/schema\\\/logo\\\/image\\\/\",\"url\":\"https:\\\/\\\/embreis.com\\\/se\\\/wp-content\\\/uploads\\\/sites\\\/6\\\/2019\\\/08\\\/Embreis_Logo2_PMS.png\",\"contentUrl\":\"https:\\\/\\\/embreis.com\\\/se\\\/wp-content\\\/uploads\\\/sites\\\/6\\\/2019\\\/08\\\/Embreis_Logo2_PMS.png\",\"width\":1723,\"height\":926,\"caption\":\"Embreis AB\"},\"image\":{\"@id\":\"https:\\\/\\\/embreis.com\\\/se\\\/#\\\/schema\\\/logo\\\/image\\\/\"},\"sameAs\":[\"https:\\\/\\\/www.facebook.com\\\/embreis\\\/\",\"https:\\\/\\\/www.linkedin.com\\\/company\\\/embreis-ab\\\/\",\"https:\\\/\\\/www.youtube.com\\\/user\\\/embreisAB\"]}]}<\/script>\n<!-- \/ Yoast SEO Premium plugin. -->","yoast_head_json":{"title":"SS C201 - Embreis.com","robots":{"index":"index","follow":"follow","max-snippet":"max-snippet:-1","max-image-preview":"max-image-preview:large","max-video-preview":"max-video-preview:-1"},"canonical":"https:\/\/embreis.com\/se\/produkt\/ss-c201\/","og_locale":"sv_SE","og_type":"article","og_title":"SS C201","og_description":"M\u00e5ngsidig energilagrande protesfot i kolfiber utvecklad f\u00f6r att kombinera funktion, komfort och enkel anpassning i vardagen. Den smarta konstruktionen g\u00f6r [&hellip;]","og_url":"https:\/\/embreis.com\/se\/produkt\/ss-c201\/","og_site_name":"Embreis SE","article_publisher":"https:\/\/www.facebook.com\/embreis\/","article_modified_time":"2026-04-30T09:32:00+00:00","og_image":[{"width":800,"height":800,"url":"https:\/\/embreis.com\/se\/wp-content\/uploads\/sites\/6\/2026\/04\/SpeedSmart_C201.png","type":"image\/png"}],"twitter_card":"summary_large_image","twitter_misc":{"Ber\u00e4knad l\u00e4stid":"1 minut"},"schema":{"@context":"https:\/\/schema.org","@graph":[{"@type":"WebPage","@id":"https:\/\/embreis.com\/se\/produkt\/ss-c201\/","url":"https:\/\/embreis.com\/se\/produkt\/ss-c201\/","name":"SS C201 - Embreis.com","isPartOf":{"@id":"https:\/\/embreis.com\/se\/#website"},"primaryImageOfPage":{"@id":"https:\/\/embreis.com\/se\/produkt\/ss-c201\/#primaryimage"},"image":{"@id":"https:\/\/embreis.com\/se\/produkt\/ss-c201\/#primaryimage"},"thumbnailUrl":"https:\/\/embreis.com\/se\/wp-content\/uploads\/sites\/6\/2026\/04\/SpeedSmart_C201.png","datePublished":"2026-04-30T09:19:42+00:00","dateModified":"2026-04-30T09:32:00+00:00","breadcrumb":{"@id":"https:\/\/embreis.com\/se\/produkt\/ss-c201\/#breadcrumb"},"inLanguage":"sv-SE","potentialAction":[{"@type":"ReadAction","target":["https:\/\/embreis.com\/se\/produkt\/ss-c201\/"]}]},{"@type":"ImageObject","inLanguage":"sv-SE","@id":"https:\/\/embreis.com\/se\/produkt\/ss-c201\/#primaryimage","url":"https:\/\/embreis.com\/se\/wp-content\/uploads\/sites\/6\/2026\/04\/SpeedSmart_C201.png","contentUrl":"https:\/\/embreis.com\/se\/wp-content\/uploads\/sites\/6\/2026\/04\/SpeedSmart_C201.png","width":800,"height":800},{"@type":"BreadcrumbList","@id":"https:\/\/embreis.com\/se\/produkt\/ss-c201\/#breadcrumb","itemListElement":[{"@type":"ListItem","position":1,"name":"Hem","item":"https:\/\/embreis.com\/se\/"},{"@type":"ListItem","position":2,"name":"Sortiment","item":"https:\/\/embreis.com\/se\/sortiment\/"},{"@type":"ListItem","position":3,"name":"Protes","item":"https:\/\/embreis.com\/se\/produktkategori\/protes\/"},{"@type":"ListItem","position":4,"name":"F\u00f6tter","item":"https:\/\/embreis.com\/se\/produktkategori\/protes\/fotter\/"},{"@type":"ListItem","position":5,"name":"SS C201"}]},{"@type":"WebSite","@id":"https:\/\/embreis.com\/se\/#website","url":"https:\/\/embreis.com\/se\/","name":"Embreis SE","description":"Ortoser, proteser och material","publisher":{"@id":"https:\/\/embreis.com\/se\/#organization"},"potentialAction":[{"@type":"SearchAction","target":{"@type":"EntryPoint","urlTemplate":"https:\/\/embreis.com\/se\/?s={search_term_string}"},"query-input":{"@type":"PropertyValueSpecification","valueRequired":true,"valueName":"search_term_string"}}],"inLanguage":"sv-SE"},{"@type":"Organization","@id":"https:\/\/embreis.com\/se\/#organization","name":"Embreis AB","url":"https:\/\/embreis.com\/se\/","logo":{"@type":"ImageObject","inLanguage":"sv-SE","@id":"https:\/\/embreis.com\/se\/#\/schema\/logo\/image\/","url":"https:\/\/embreis.com\/se\/wp-content\/uploads\/sites\/6\/2019\/08\/Embreis_Logo2_PMS.png","contentUrl":"https:\/\/embreis.com\/se\/wp-content\/uploads\/sites\/6\/2019\/08\/Embreis_Logo2_PMS.png","width":1723,"height":926,"caption":"Embreis AB"},"image":{"@id":"https:\/\/embreis.com\/se\/#\/schema\/logo\/image\/"},"sameAs":["https:\/\/www.facebook.com\/embreis\/","https:\/\/www.linkedin.com\/company\/embreis-ab\/","https:\/\/www.youtube.com\/user\/embreisAB"]}]}},"_links":{"self":[{"href":"https:\/\/embreis.com\/se\/wp-json\/wp\/v2\/product\/14591","targetHints":{"allow":["GET"]}}],"collection":[{"href":"https:\/\/embreis.com\/se\/wp-json\/wp\/v2\/product"}],"about":[{"href":"https:\/\/embreis.com\/se\/wp-json\/wp\/v2\/types\/product"}],"wp:featuredmedia":[{"embeddable":true,"href":"https:\/\/embreis.com\/se\/wp-json\/wp\/v2\/media\/14593"}],"wp:attachment":[{"href":"https:\/\/embreis.com\/se\/wp-json\/wp\/v2\/media?parent=14591"}],"wp:term":[{"taxonomy":"product_brand","embeddable":true,"href":"https:\/\/embreis.com\/se\/wp-json\/wp\/v2\/product_brand?post=14591"},{"taxonomy":"product_cat","embeddable":true,"href":"https:\/\/embreis.com\/se\/wp-json\/wp\/v2\/product_cat?post=14591"},{"taxonomy":"product_tag","embeddable":true,"href":"https:\/\/embreis.com\/se\/wp-json\/wp\/v2\/product_tag?post=14591"}],"curies":[{"name":"wp","href":"https:\/\/api.w.org\/{rel}","templated":true}]}}